{"id":4031,"date":"2025-02-27T15:37:48","date_gmt":"2025-02-27T14:37:48","guid":{"rendered":"https:\/\/vss-werbefilme-2025.de\/?page_id=4031"},"modified":"2025-03-06T09:14:44","modified_gmt":"2025-03-06T08:14:44","slug":"datenschutz","status":"publish","type":"page","link":"https:\/\/vss-werbefilme.de\/?page_id=4031","title":{"rendered":"Datenschutz"},"content":{"rendered":"\t\t<div data-elementor-type=\"wp-page\" data-elementor-id=\"4031\" class=\"elementor elementor-4031\">\n\t\t\t\t<div class=\"elementor-element elementor-element-0a2659f e-flex e-con-boxed e-con e-parent\" data-id=\"0a2659f\" data-element_type=\"container\">\n\t\t\t\t\t<div class=\"e-con-inner\">\n\t\t\t\t<div class=\"elementor-element elementor-element-cd2b0e7 elementor-widget elementor-widget-pelicula_core_section_title\" data-id=\"cd2b0e7\" data-element_type=\"widget\" data-widget_type=\"pelicula_core_section_title.default\">\n\t\t\t\t<div class=\"elementor-widget-container\">\n\t\t\t\t\t<div class=\"qodef-shortcode qodef-m  qodef-section-title qodef-alignment--left \" data-holder-options=\"{&quot;line-breaks&quot;:&quot;&quot;}\">\n\t\t    \t<h2 class=\"qodef-m-title\" style=\"color: #BF9F5E\">\n\t\t\tDatenschutzerkl\u00e4rung\t<\/h2>\n    \t<\/div>\t\t\t\t<\/div>\n\t\t\t\t<\/div>\n\t\t\t\t<div class=\"elementor-element elementor-element-f2b2486 elementor-widget elementor-widget-spacer\" data-id=\"f2b2486\" data-element_type=\"widget\" data-widget_type=\"spacer.default\">\n\t\t\t\t\t\t\t<div class=\"elementor-spacer\">\n\t\t\t<div class=\"elementor-spacer-inner\"><\/div>\n\t\t<\/div>\n\t\t\t\t\t\t<\/div>\n\t\t\t\t<div class=\"elementor-element elementor-element-814f4d2 elementor-widget elementor-widget-heading\" data-id=\"814f4d2\" data-element_type=\"widget\" data-widget_type=\"heading.default\">\n\t\t\t\t\t<h3 class=\"elementor-heading-title elementor-size-default\">1. Datenschutz auf einen Blick<\/h3>\t\t\t\t<\/div>\n\t\t<div class=\"elementor-element elementor-element-e1795fb e-con-full e-flex e-con e-child\" data-id=\"e1795fb\" data-element_type=\"container\">\n\t\t\t\t<div class=\"elementor-element elementor-element-13fb95d elementor-widget elementor-widget-heading\" data-id=\"13fb95d\" data-element_type=\"widget\" data-widget_type=\"heading.default\">\n\t\t\t\t\t<h4 class=\"elementor-heading-title elementor-size-default\">Allgemeine Hinweise<\/h4>\t\t\t\t<\/div>\n\t\t\t\t<div class=\"elementor-element elementor-element-2a57f69 elementor-widget elementor-widget-text-editor\" data-id=\"2a57f69\" data-element_type=\"widget\" data-widget_type=\"text-editor.default\">\n\t\t\t\t\t\t\t\t\t<p>Die folgenden Hinweise geben einen einfachen \u00dcberblick dar\u00fcber, was mit Ihren personenbezogenen Daten passiert, wenn Sie diese Website besuchen. Personenbezogene Daten sind alle Daten, mit denen Sie pers\u00f6nlich identifiziert werden k\u00f6nnen. Ausf\u00fchrliche Informationen zum Thema Datenschutz entnehmen Sie unserer unter diesem Text aufgef\u00fchrten Datenschutzerkl\u00e4rung.<\/p>\t\t\t\t\t\t\t\t<\/div>\n\t\t\t\t<div class=\"elementor-element elementor-element-b06a5a3 elementor-widget elementor-widget-spacer\" data-id=\"b06a5a3\" data-element_type=\"widget\" data-widget_type=\"spacer.default\">\n\t\t\t\t\t\t\t<div class=\"elementor-spacer\">\n\t\t\t<div class=\"elementor-spacer-inner\"><\/div>\n\t\t<\/div>\n\t\t\t\t\t\t<\/div>\n\t\t\t\t<\/div>\n\t\t<div class=\"elementor-element elementor-element-f3e4aed e-con-full e-flex e-con e-child\" data-id=\"f3e4aed\" data-element_type=\"container\">\n\t\t\t\t<div class=\"elementor-element elementor-element-5804fc3 elementor-widget elementor-widget-heading\" data-id=\"5804fc3\" data-element_type=\"widget\" data-widget_type=\"heading.default\">\n\t\t\t\t\t<h4 class=\"elementor-heading-title elementor-size-default\">Datenerfassung auf dieser Website<\/h4>\t\t\t\t<\/div>\n\t\t\t\t<div class=\"elementor-element elementor-element-881a3e4 elementor-widget elementor-widget-text-editor\" data-id=\"881a3e4\" data-element_type=\"widget\" data-widget_type=\"text-editor.default\">\n\t\t\t\t\t\t\t\t\t<p><strong>Wer ist verantwortlich f\u00fcr die Datenerfassung auf dieser Website?<\/strong><\/p><p>Die Datenverarbeitung auf dieser Website erfolgt durch den Websitebetreiber. Dessen Kontaktdaten k\u00f6nnen Sie dem Impressum dieser Website entnehmen.<\/p><p><strong>Wie erfassen wir Ihre Daten?<\/strong><\/p><p>Ihre Daten werden zum einen dadurch erhoben, dass Sie uns diese mitteilen. Hierbei kann es sich z.\u00a0B. um Daten handeln, die Sie in ein Kontaktformular eingeben.<\/p><p>Andere Daten werden automatisch oder nach Ihrer Einwilligung beim Besuch der Website durch unsere IT-Systeme erfasst. Das sind vor allem technische Daten (z.\u00a0B. Internetbrowser, Betriebssystem oder Uhrzeit des Seitenaufrufs). Die Erfassung dieser Daten erfolgt automatisch, sobald Sie diese Website betreten.<\/p><p><strong>Wof\u00fcr nutzen wir Ihre Daten?<\/strong><\/p><p>Ein Teil der Daten wird erhoben, um eine fehlerfreie Bereitstellung der Website zu gew\u00e4hrleisten. Andere Daten k\u00f6nnen zur Analyse Ihres Nutzerverhaltens verwendet werden.<\/p><p><strong>Welche Rechte haben Sie bez\u00fcglich Ihrer Daten?<\/strong><\/p><p>Sie haben jederzeit das Recht, unentgeltlich Auskunft \u00fcber Herkunft, Empf\u00e4nger und Zweck Ihrer gespeicherten personenbezogenen Daten zu erhalten. Sie haben au\u00dferdem ein Recht, die Berichtigung oder L\u00f6schung dieser Daten zu verlangen. Wenn Sie eine Einwilligung zur Datenverarbeitung erteilt haben, k\u00f6nnen Sie diese Einwilligung jederzeit f\u00fcr die Zukunft widerrufen. Au\u00dferdem haben Sie das Recht, unter bestimmten Umst\u00e4nden die Einschr\u00e4nkung der Verarbeitung Ihrer personenbezogenen Daten zu verlangen. Des Weiteren steht Ihnen ein Beschwerderecht bei der zust\u00e4ndigen Aufsichtsbeh\u00f6rde zu.<\/p><p>Hierzu sowie zu weiteren Fragen zum Thema Datenschutz k\u00f6nnen Sie sich jederzeit unter der im Impressum angegebenen Adresse an uns wenden.<\/p>\t\t\t\t\t\t\t\t<\/div>\n\t\t\t\t<div class=\"elementor-element elementor-element-9a882a9 elementor-widget elementor-widget-spacer\" data-id=\"9a882a9\" data-element_type=\"widget\" data-widget_type=\"spacer.default\">\n\t\t\t\t\t\t\t<div class=\"elementor-spacer\">\n\t\t\t<div class=\"elementor-spacer-inner\"><\/div>\n\t\t<\/div>\n\t\t\t\t\t\t<\/div>\n\t\t\t\t<\/div>\n\t\t<div class=\"elementor-element elementor-element-0d298e3 e-con-full e-flex e-con e-child\" data-id=\"0d298e3\" data-element_type=\"container\">\n\t\t\t\t<div class=\"elementor-element elementor-element-5114538 elementor-widget elementor-widget-heading\" data-id=\"5114538\" data-element_type=\"widget\" data-widget_type=\"heading.default\">\n\t\t\t\t\t<h4 class=\"elementor-heading-title elementor-size-default\">Analyse-Tools und Tools von Drittanbietern<\/h4>\t\t\t\t<\/div>\n\t\t\t\t<div class=\"elementor-element elementor-element-17eef89 elementor-widget elementor-widget-text-editor\" data-id=\"17eef89\" data-element_type=\"widget\" data-widget_type=\"text-editor.default\">\n\t\t\t\t\t\t\t\t\t<p>Beim Besuch dieser Website kann Ihr Surf-Verhalten statistisch ausgewertet werden. Das geschieht vor allem mit Cookies und mit sogenannten Analyseprogrammen.<\/p><p>Detaillierte Informationen zu diesen Analyseprogrammen finden Sie in der folgenden Datenschutzerkl\u00e4rung.<\/p>\t\t\t\t\t\t\t\t<\/div>\n\t\t\t\t<div class=\"elementor-element elementor-element-5d20b83 elementor-widget elementor-widget-spacer\" data-id=\"5d20b83\" data-element_type=\"widget\" data-widget_type=\"spacer.default\">\n\t\t\t\t\t\t\t<div class=\"elementor-spacer\">\n\t\t\t<div class=\"elementor-spacer-inner\"><\/div>\n\t\t<\/div>\n\t\t\t\t\t\t<\/div>\n\t\t\t\t<\/div>\n\t\t<div class=\"elementor-element elementor-element-91f77db e-con-full e-flex e-con e-child\" data-id=\"91f77db\" data-element_type=\"container\">\n\t\t\t\t<div class=\"elementor-element elementor-element-c097efb elementor-widget elementor-widget-heading\" data-id=\"c097efb\" data-element_type=\"widget\" data-widget_type=\"heading.default\">\n\t\t\t\t\t<h3 class=\"elementor-heading-title elementor-size-default\">2. Hosting und Content Delivery Networks (CDN)<\/h3>\t\t\t\t<\/div>\n\t\t\t\t<div class=\"elementor-element elementor-element-242697d elementor-widget elementor-widget-heading\" data-id=\"242697d\" data-element_type=\"widget\" data-widget_type=\"heading.default\">\n\t\t\t\t\t<h4 class=\"elementor-heading-title elementor-size-default\">Externes Hosting<\/h4>\t\t\t\t<\/div>\n\t\t\t\t<div class=\"elementor-element elementor-element-7f11ef9 elementor-widget elementor-widget-text-editor\" data-id=\"7f11ef9\" data-element_type=\"widget\" data-widget_type=\"text-editor.default\">\n\t\t\t\t\t\t\t\t\t<p>Diese Website wird bei einem externen Dienstleister gehostet (Hoster). Die personenbezogenen Daten, die auf dieser Website erfasst werden, werden auf den Servern des Hosters gespeichert. Hierbei kann es sich v. a. um IP-Adressen, Kontaktanfragen, Meta- und Kommunikationsdaten, Vertragsdaten, Kontaktdaten, Namen, Webseitenzugriffe und sonstige Daten, die \u00fcber eine Website generiert werden, handeln.<\/p><p>Der Einsatz des Hosters erfolgt zum Zwecke der Vertragserf\u00fcllung gegen\u00fcber unseren potenziellen und bestehenden Kunden (Art. 6 Abs. 1 lit. b DSGVO) und im Interesse einer sicheren, schnellen und effizienten Bereitstellung unseres Online-Angebots durch einen professionellen Anbieter (Art. 6 Abs. 1 lit. f DSGVO).<\/p><p>Unser Hoster wird Ihre Daten nur insoweit verarbeiten, wie dies zur Erf\u00fcllung seiner Leistungspflichten erforderlich ist und unsere Weisungen in Bezug auf diese Daten befolgen.<\/p><p><strong>Abschluss eines Vertrages \u00fcber Auftragsverarbeitung<\/strong><\/p><p>Um die datenschutzkonforme Verarbeitung zu gew\u00e4hrleisten, haben wir einen Vertrag \u00fcber Auftragsverarbeitung mit unserem Hoster geschlossen.<\/p>\t\t\t\t\t\t\t\t<\/div>\n\t\t\t\t<div class=\"elementor-element elementor-element-c5c4733 elementor-widget elementor-widget-spacer\" data-id=\"c5c4733\" data-element_type=\"widget\" data-widget_type=\"spacer.default\">\n\t\t\t\t\t\t\t<div class=\"elementor-spacer\">\n\t\t\t<div class=\"elementor-spacer-inner\"><\/div>\n\t\t<\/div>\n\t\t\t\t\t\t<\/div>\n\t\t\t\t<\/div>\n\t\t<div class=\"elementor-element elementor-element-f9074a8 e-con-full e-flex e-con e-child\" data-id=\"f9074a8\" data-element_type=\"container\">\n\t\t\t\t<div class=\"elementor-element elementor-element-abbfec3 elementor-widget elementor-widget-heading\" data-id=\"abbfec3\" data-element_type=\"widget\" data-widget_type=\"heading.default\">\n\t\t\t\t\t<h3 class=\"elementor-heading-title elementor-size-default\">3. Allgemeine Hinweise und Pflichtinformationen<\/h3>\t\t\t\t<\/div>\n\t\t\t\t<div class=\"elementor-element elementor-element-10829a5 elementor-widget elementor-widget-heading\" data-id=\"10829a5\" data-element_type=\"widget\" data-widget_type=\"heading.default\">\n\t\t\t\t\t<h4 class=\"elementor-heading-title elementor-size-default\">Datenschutz<\/h4>\t\t\t\t<\/div>\n\t\t\t\t<div class=\"elementor-element elementor-element-1edf07e elementor-widget elementor-widget-text-editor\" data-id=\"1edf07e\" data-element_type=\"widget\" data-widget_type=\"text-editor.default\">\n\t\t\t\t\t\t\t\t\t<p>Die Betreiber dieser Seiten nehmen den Schutz Ihrer pers\u00f6nlichen Daten sehr ernst. Wir behandeln Ihre personenbezogenen Daten vertraulich und entsprechend der gesetzlichen Datenschutzvorschriften sowie dieser Datenschutzerkl\u00e4rung.<\/p><p>Wenn Sie diese Website benutzen, werden verschiedene personenbezogene Daten erhoben. Personenbezogene Daten sind Daten, mit denen Sie pers\u00f6nlich identifiziert werden k\u00f6nnen. Die vorliegende Datenschutzerkl\u00e4rung erl\u00e4utert, welche Daten wir erheben und wof\u00fcr wir sie nutzen. Sie erl\u00e4utert auch, wie und zu welchem Zweck das geschieht.<\/p><p>Wir weisen darauf hin, dass die Daten\u00fcbertragung im Internet (z.\u00a0B. bei der Kommunikation per E-Mail) Sicherheitsl\u00fccken aufweisen kann. Ein l\u00fcckenloser Schutz der Daten vor dem Zugriff durch Dritte ist nicht m\u00f6glich.<\/p>\t\t\t\t\t\t\t\t<\/div>\n\t\t\t\t<div class=\"elementor-element elementor-element-f3bf03f elementor-widget elementor-widget-spacer\" data-id=\"f3bf03f\" data-element_type=\"widget\" data-widget_type=\"spacer.default\">\n\t\t\t\t\t\t\t<div class=\"elementor-spacer\">\n\t\t\t<div class=\"elementor-spacer-inner\"><\/div>\n\t\t<\/div>\n\t\t\t\t\t\t<\/div>\n\t\t\t\t<\/div>\n\t\t<div class=\"elementor-element elementor-element-e3244e1 e-con-full e-flex e-con e-child\" data-id=\"e3244e1\" data-element_type=\"container\">\n\t\t\t\t<div class=\"elementor-element elementor-element-8c410d3 elementor-widget elementor-widget-heading\" data-id=\"8c410d3\" data-element_type=\"widget\" data-widget_type=\"heading.default\">\n\t\t\t\t\t<h4 class=\"elementor-heading-title elementor-size-default\">Hinweis zur verantwortlichen Stelle<\/h4>\t\t\t\t<\/div>\n\t\t\t\t<div class=\"elementor-element elementor-element-63350c1 elementor-widget elementor-widget-text-editor\" data-id=\"63350c1\" data-element_type=\"widget\" data-widget_type=\"text-editor.default\">\n\t\t\t\t\t\t\t\t\t<p>Die verantwortliche Stelle f\u00fcr die Datenverarbeitung auf dieser Website ist:<\/p><p>VSS &#8211; Video Studio Service GmbH<br \/>N\u00f6diker Stra\u00dfe 118<br \/>49716 Meppen<\/p><p>Telefon: 05931 20201<br \/>E-Mail: vss@video-studio-service.de<\/p><p>Verantwortliche Stelle ist die nat\u00fcrliche oder juristische Person, die allein oder gemeinsam mit anderen \u00fcber die Zwecke und Mittel der Verarbeitung von personenbezogenen Daten (z.\u00a0B. Namen, E-Mail-Adressen o. \u00c4.) entscheidet.<\/p>\t\t\t\t\t\t\t\t<\/div>\n\t\t\t\t<div class=\"elementor-element elementor-element-109107f elementor-widget elementor-widget-spacer\" data-id=\"109107f\" data-element_type=\"widget\" data-widget_type=\"spacer.default\">\n\t\t\t\t\t\t\t<div class=\"elementor-spacer\">\n\t\t\t<div class=\"elementor-spacer-inner\"><\/div>\n\t\t<\/div>\n\t\t\t\t\t\t<\/div>\n\t\t\t\t<\/div>\n\t\t<div class=\"elementor-element elementor-element-d615174 e-con-full e-flex e-con e-child\" data-id=\"d615174\" data-element_type=\"container\">\n\t\t\t\t<div class=\"elementor-element elementor-element-323735e elementor-widget elementor-widget-heading\" data-id=\"323735e\" data-element_type=\"widget\" data-widget_type=\"heading.default\">\n\t\t\t\t\t<h4 class=\"elementor-heading-title elementor-size-default\">Widerruf Ihrer Einwilligung zur Datenverarbeitung<\/h4>\t\t\t\t<\/div>\n\t\t\t\t<div class=\"elementor-element elementor-element-b96dfab elementor-widget elementor-widget-text-editor\" data-id=\"b96dfab\" data-element_type=\"widget\" data-widget_type=\"text-editor.default\">\n\t\t\t\t\t\t\t\t\t<p>Viele Datenverarbeitungsvorg\u00e4nge sind nur mit Ihrer ausdr\u00fccklichen Einwilligung m\u00f6glich. Sie k\u00f6nnen eine bereits erteilte Einwilligung jederzeit widerrufen. Dazu reicht eine formlose Mitteilung per E-Mail an uns. Die Rechtm\u00e4\u00dfigkeit der bis zum Widerruf erfolgten Datenverarbeitung bleibt vom Widerruf unber\u00fchrt.<\/p>\t\t\t\t\t\t\t\t<\/div>\n\t\t\t\t<div class=\"elementor-element elementor-element-43df2d9 elementor-widget elementor-widget-spacer\" data-id=\"43df2d9\" data-element_type=\"widget\" data-widget_type=\"spacer.default\">\n\t\t\t\t\t\t\t<div class=\"elementor-spacer\">\n\t\t\t<div class=\"elementor-spacer-inner\"><\/div>\n\t\t<\/div>\n\t\t\t\t\t\t<\/div>\n\t\t\t\t<\/div>\n\t\t<div class=\"elementor-element elementor-element-f60c1a1 e-con-full e-flex e-con e-child\" data-id=\"f60c1a1\" data-element_type=\"container\">\n\t\t\t\t<div class=\"elementor-element elementor-element-af462e3 elementor-widget elementor-widget-heading\" data-id=\"af462e3\" data-element_type=\"widget\" data-widget_type=\"heading.default\">\n\t\t\t\t\t<h4 class=\"elementor-heading-title elementor-size-default\">Widerspruchsrecht gegen die Datenerhebung in besonderen F\u00e4llen sowie gegen Direktwerbung (Art. 21 DSGVO)<\/h4>\t\t\t\t<\/div>\n\t\t\t\t<div class=\"elementor-element elementor-element-330b46d elementor-widget elementor-widget-text-editor\" data-id=\"330b46d\" data-element_type=\"widget\" data-widget_type=\"text-editor.default\">\n\t\t\t\t\t\t\t\t\t<p>WENN DIE DATENVERARBEITUNG AUF GRUNDLAGE VON ART. 6 ABS. 1 LIT. E ODER F DSGVO ERFOLGT, HABEN SIE JEDERZEIT DAS RECHT, AUS GR\u00dcNDEN, DIE SICH AUS IHRER BESONDEREN SITUATION ERGEBEN, GEGEN DIE VERARBEITUNG IHRER PERSONENBEZOGENEN DATEN WIDERSPRUCH EINZULEGEN; DIES GILT AUCH F\u00dcR EIN AUF DIESE BESTIMMUNGEN GEST\u00dcTZTES PROFILING. DIE JEWEILIGE RECHTSGRUNDLAGE, AUF DENEN EINE VERARBEITUNG BERUHT, ENTNEHMEN SIE DIESER DATENSCHUTZERKL\u00c4RUNG. WENN SIE WIDERSPRUCH EINLEGEN, WERDEN WIR IHRE BETROFFENEN PERSONENBEZOGENEN DATEN NICHT MEHR VERARBEITEN, ES SEI DENN, WIR K\u00d6NNEN ZWINGENDE SCHUTZW\u00dcRDIGE GR\u00dcNDE F\u00dcR DIE VERARBEITUNG NACHWEISEN, DIE IHRE INTERESSEN, RECHTE UND FREIHEITEN \u00dcBERWIEGEN ODER DIE VERARBEITUNG DIENT DER GELTENDMACHUNG, AUS\u00dcBUNG ODER VERTEIDIGUNG VON RECHTSANSPR\u00dcCHEN (WIDERSPRUCH NACH ART. 21 ABS. 1 DSGVO).<\/p><p>WERDEN IHRE PERSONENBEZOGENEN DATEN VERARBEITET, UM DIREKTWERBUNG ZU BETREIBEN, SO HABEN SIE DAS RECHT, JEDERZEIT WIDERSPRUCH GEGEN DIE VERARBEITUNG SIE BETREFFENDER PERSONENBEZOGENER DATEN ZUM ZWECKE DERARTIGER WERBUNG EINZULEGEN; DIES GILT AUCH F\u00dcR DAS PROFILING, SOWEIT ES MIT SOLCHER DIREKTWERBUNG IN VERBINDUNG STEHT. WENN SIE WIDERSPRECHEN, WERDEN IHRE PERSONENBEZOGENEN DATEN ANSCHLIESSEND NICHT MEHR ZUM ZWECKE DER DIREKTWERBUNG VERWENDET (WIDERSPRUCH NACH ART. 21 ABS. 2 DSGVO).<\/p>\t\t\t\t\t\t\t\t<\/div>\n\t\t\t\t<div class=\"elementor-element elementor-element-6478e1f elementor-widget elementor-widget-spacer\" data-id=\"6478e1f\" data-element_type=\"widget\" data-widget_type=\"spacer.default\">\n\t\t\t\t\t\t\t<div class=\"elementor-spacer\">\n\t\t\t<div class=\"elementor-spacer-inner\"><\/div>\n\t\t<\/div>\n\t\t\t\t\t\t<\/div>\n\t\t\t\t<\/div>\n\t\t<div class=\"elementor-element elementor-element-2a89e8f e-con-full e-flex e-con e-child\" data-id=\"2a89e8f\" data-element_type=\"container\">\n\t\t\t\t<div class=\"elementor-element elementor-element-b7f9c91 elementor-widget elementor-widget-heading\" data-id=\"b7f9c91\" data-element_type=\"widget\" data-widget_type=\"heading.default\">\n\t\t\t\t\t<h4 class=\"elementor-heading-title elementor-size-default\">Beschwerderecht bei der zust\u00e4ndigen Aufsichtsbeh\u00f6rde<\/h4>\t\t\t\t<\/div>\n\t\t\t\t<div class=\"elementor-element elementor-element-2796f1d elementor-widget elementor-widget-text-editor\" data-id=\"2796f1d\" data-element_type=\"widget\" data-widget_type=\"text-editor.default\">\n\t\t\t\t\t\t\t\t\t<p>Im Falle von Verst\u00f6\u00dfen gegen die DSGVO steht den Betroffenen ein Beschwerderecht bei einer Aufsichtsbeh\u00f6rde, insbesondere in dem Mitgliedstaat ihres gew\u00f6hnlichen Aufenthalts, ihres Arbeitsplatzes oder des Orts des mutma\u00dflichen Versto\u00dfes zu. Das Beschwerderecht besteht unbeschadet anderweitiger verwaltungsrechtlicher oder gerichtlicher Rechtsbehelfe.<\/p>\t\t\t\t\t\t\t\t<\/div>\n\t\t\t\t<div class=\"elementor-element elementor-element-5818db9 elementor-widget elementor-widget-spacer\" data-id=\"5818db9\" data-element_type=\"widget\" data-widget_type=\"spacer.default\">\n\t\t\t\t\t\t\t<div class=\"elementor-spacer\">\n\t\t\t<div class=\"elementor-spacer-inner\"><\/div>\n\t\t<\/div>\n\t\t\t\t\t\t<\/div>\n\t\t\t\t<\/div>\n\t\t<div class=\"elementor-element elementor-element-970b7fd e-con-full e-flex e-con e-child\" data-id=\"970b7fd\" data-element_type=\"container\">\n\t\t\t\t<div class=\"elementor-element elementor-element-ed1ed64 elementor-widget elementor-widget-heading\" data-id=\"ed1ed64\" data-element_type=\"widget\" data-widget_type=\"heading.default\">\n\t\t\t\t\t<h4 class=\"elementor-heading-title elementor-size-default\">Recht auf Daten\u00fcbertragbarkeit<\/h4>\t\t\t\t<\/div>\n\t\t\t\t<div class=\"elementor-element elementor-element-29d558a elementor-widget elementor-widget-text-editor\" data-id=\"29d558a\" data-element_type=\"widget\" data-widget_type=\"text-editor.default\">\n\t\t\t\t\t\t\t\t\t<p>Sie haben das Recht, Daten, die wir auf Grundlage Ihrer Einwilligung oder in Erf\u00fcllung eines Vertrags automatisiert verarbeiten, an sich oder an einen Dritten in einem g\u00e4ngigen, maschinenlesbaren Format aush\u00e4ndigen zu lassen. Sofern Sie die direkte \u00dcbertragung der Daten an einen anderen Verantwortlichen verlangen, erfolgt dies nur, soweit es technisch machbar ist.<\/p>\t\t\t\t\t\t\t\t<\/div>\n\t\t\t\t<div class=\"elementor-element elementor-element-5ecbfd3 elementor-widget elementor-widget-spacer\" data-id=\"5ecbfd3\" data-element_type=\"widget\" data-widget_type=\"spacer.default\">\n\t\t\t\t\t\t\t<div class=\"elementor-spacer\">\n\t\t\t<div class=\"elementor-spacer-inner\"><\/div>\n\t\t<\/div>\n\t\t\t\t\t\t<\/div>\n\t\t\t\t<\/div>\n\t\t<div class=\"elementor-element elementor-element-13eabec e-con-full e-flex e-con e-child\" data-id=\"13eabec\" data-element_type=\"container\">\n\t\t\t\t<div class=\"elementor-element elementor-element-9c2699a elementor-widget elementor-widget-heading\" data-id=\"9c2699a\" data-element_type=\"widget\" data-widget_type=\"heading.default\">\n\t\t\t\t\t<h4 class=\"elementor-heading-title elementor-size-default\">SSL- bzw. TLS-Verschl\u00fcsselung<\/h4>\t\t\t\t<\/div>\n\t\t\t\t<div class=\"elementor-element elementor-element-1fd7052 elementor-widget elementor-widget-text-editor\" data-id=\"1fd7052\" data-element_type=\"widget\" data-widget_type=\"text-editor.default\">\n\t\t\t\t\t\t\t\t\t<p>Diese Seite nutzt aus Sicherheitsgr\u00fcnden und zum Schutz der \u00dcbertragung vertraulicher Inhalte, wie zum Beispiel Bestellungen oder Anfragen, die Sie an uns als Seitenbetreiber senden, eine SSL- bzw. TLS-Verschl\u00fcsselung. Eine verschl\u00fcsselte Verbindung erkennen Sie daran, dass die Adresszeile des Browsers von \u201ehttp:\/\/\u201c auf \u201ehttps:\/\/\u201c wechselt und an dem Schloss-Symbol in Ihrer Browserzeile.<\/p><p>Wenn die SSL- bzw. TLS-Verschl\u00fcsselung aktiviert ist, k\u00f6nnen die Daten, die Sie an uns \u00fcbermitteln, nicht von Dritten mitgelesen werden.<\/p>\t\t\t\t\t\t\t\t<\/div>\n\t\t\t\t<div class=\"elementor-element elementor-element-6b89bbd elementor-widget elementor-widget-spacer\" data-id=\"6b89bbd\" data-element_type=\"widget\" data-widget_type=\"spacer.default\">\n\t\t\t\t\t\t\t<div class=\"elementor-spacer\">\n\t\t\t<div class=\"elementor-spacer-inner\"><\/div>\n\t\t<\/div>\n\t\t\t\t\t\t<\/div>\n\t\t\t\t<\/div>\n\t\t<div class=\"elementor-element elementor-element-8583213 e-con-full e-flex e-con e-child\" data-id=\"8583213\" data-element_type=\"container\">\n\t\t\t\t<div class=\"elementor-element elementor-element-294f74a elementor-widget elementor-widget-heading\" data-id=\"294f74a\" data-element_type=\"widget\" data-widget_type=\"heading.default\">\n\t\t\t\t\t<h4 class=\"elementor-heading-title elementor-size-default\">Auskunft, L\u00f6schung und Berichtigung<\/h4>\t\t\t\t<\/div>\n\t\t\t\t<div class=\"elementor-element elementor-element-749c0fb elementor-widget elementor-widget-text-editor\" data-id=\"749c0fb\" data-element_type=\"widget\" data-widget_type=\"text-editor.default\">\n\t\t\t\t\t\t\t\t\t<p>Sie haben im Rahmen der geltenden gesetzlichen Bestimmungen jederzeit das Recht auf unentgeltliche Auskunft \u00fcber Ihre gespeicherten personenbezogenen Daten, deren Herkunft und Empf\u00e4nger und den Zweck der Datenverarbeitung und ggf. ein Recht auf Berichtigung oder L\u00f6schung dieser Daten. Hierzu sowie zu weiteren Fragen zum Thema personenbezogene Daten k\u00f6nnen Sie sich jederzeit unter der im Impressum angegebenen Adresse an uns wenden.<\/p>\t\t\t\t\t\t\t\t<\/div>\n\t\t\t\t<div class=\"elementor-element elementor-element-88b87ba elementor-widget elementor-widget-spacer\" data-id=\"88b87ba\" data-element_type=\"widget\" data-widget_type=\"spacer.default\">\n\t\t\t\t\t\t\t<div class=\"elementor-spacer\">\n\t\t\t<div class=\"elementor-spacer-inner\"><\/div>\n\t\t<\/div>\n\t\t\t\t\t\t<\/div>\n\t\t\t\t<\/div>\n\t\t<div class=\"elementor-element elementor-element-6c97fdf e-con-full e-flex e-con e-child\" data-id=\"6c97fdf\" data-element_type=\"container\">\n\t\t\t\t<div class=\"elementor-element elementor-element-76eea00 elementor-widget elementor-widget-heading\" data-id=\"76eea00\" data-element_type=\"widget\" data-widget_type=\"heading.default\">\n\t\t\t\t\t<h4 class=\"elementor-heading-title elementor-size-default\">Recht auf Einschr\u00e4nkung der Verarbeitung<\/h4>\t\t\t\t<\/div>\n\t\t\t\t<div class=\"elementor-element elementor-element-12085a1 elementor-widget elementor-widget-text-editor\" data-id=\"12085a1\" data-element_type=\"widget\" data-widget_type=\"text-editor.default\">\n\t\t\t\t\t\t\t\t\t<p>Sie haben das Recht, die Einschr\u00e4nkung der Verarbeitung Ihrer personenbezogenen Daten zu verlangen. Hierzu k\u00f6nnen Sie sich jederzeit unter der im Impressum angegebenen Adresse an uns wenden. Das Recht auf Einschr\u00e4nkung der Verarbeitung besteht in folgenden F\u00e4llen:<\/p><ul><li>Wenn Sie die Richtigkeit Ihrer bei uns gespeicherten personenbezogenen Daten bestreiten, ben\u00f6tigen wir in der Regel Zeit, um dies zu \u00fcberpr\u00fcfen. F\u00fcr die Dauer der Pr\u00fcfung haben Sie das Recht, die Einschr\u00e4nkung der Verarbeitung Ihrer personenbezogenen Daten zu verlangen.<\/li><li>Wenn die Verarbeitung Ihrer personenbezogenen Daten unrechtm\u00e4\u00dfig geschah\/geschieht, k\u00f6nnen Sie statt der L\u00f6schung die Einschr\u00e4nkung der Datenverarbeitung verlangen.<\/li><li>Wenn wir Ihre personenbezogenen Daten nicht mehr ben\u00f6tigen, Sie sie jedoch zur Aus\u00fcbung, Verteidigung oder Geltendmachung von Rechtsanspr\u00fcchen ben\u00f6tigen, haben Sie das Recht, statt der L\u00f6schung die Einschr\u00e4nkung der Verarbeitung Ihrer personenbezogenen Daten zu verlangen.<\/li><li>Wenn Sie einen Widerspruch nach Art. 21 Abs. 1 DSGVO eingelegt haben, muss eine Abw\u00e4gung zwischen Ihren und unseren Interessen vorgenommen werden. Solange noch nicht feststeht, wessen Interessen \u00fcberwiegen, haben Sie das Recht, die Einschr\u00e4nkung der Verarbeitung Ihrer personenbezogenen Daten zu verlangen.<\/li><\/ul><p>Wenn Sie die Verarbeitung Ihrer personenbezogenen Daten eingeschr\u00e4nkt haben, d\u00fcrfen diese Daten \u2013 von ihrer Speicherung abgesehen \u2013 nur mit Ihrer Einwilligung oder zur Geltendmachung, Aus\u00fcbung oder Verteidigung von Rechtsanspr\u00fcchen oder zum Schutz der Rechte einer anderen nat\u00fcrlichen oder juristischen Person oder aus Gr\u00fcnden eines wichtigen \u00f6ffentlichen Interesses der Europ\u00e4ischen Union oder eines Mitgliedstaats verarbeitet werden.<\/p>\t\t\t\t\t\t\t\t<\/div>\n\t\t\t\t<div class=\"elementor-element elementor-element-de739b7 elementor-widget elementor-widget-spacer\" data-id=\"de739b7\" data-element_type=\"widget\" data-widget_type=\"spacer.default\">\n\t\t\t\t\t\t\t<div class=\"elementor-spacer\">\n\t\t\t<div class=\"elementor-spacer-inner\"><\/div>\n\t\t<\/div>\n\t\t\t\t\t\t<\/div>\n\t\t\t\t<\/div>\n\t\t<div class=\"elementor-element elementor-element-f33cf9f e-con-full e-flex e-con e-child\" data-id=\"f33cf9f\" data-element_type=\"container\">\n\t\t\t\t<div class=\"elementor-element elementor-element-6927689 elementor-widget elementor-widget-heading\" data-id=\"6927689\" data-element_type=\"widget\" data-widget_type=\"heading.default\">\n\t\t\t\t\t<h4 class=\"elementor-heading-title elementor-size-default\">Widerspruch gegen Werbe-E-Mails<\/h4>\t\t\t\t<\/div>\n\t\t\t\t<div class=\"elementor-element elementor-element-abb6ca6 elementor-widget elementor-widget-text-editor\" data-id=\"abb6ca6\" data-element_type=\"widget\" data-widget_type=\"text-editor.default\">\n\t\t\t\t\t\t\t\t\t<p>Der Nutzung von im Rahmen der Impressumspflicht ver\u00f6ffentlichten Kontaktdaten zur \u00dcbersendung von nicht ausdr\u00fccklich angeforderter Werbung und Informationsmaterialien wird hiermit widersprochen. Die Betreiber der Seiten behalten sich ausdr\u00fccklich rechtliche Schritte im Falle der unverlangten Zusendung von Werbeinformationen, etwa durch Spam-E-Mails, vor.<\/p>\t\t\t\t\t\t\t\t<\/div>\n\t\t\t\t<div class=\"elementor-element elementor-element-7566ff6 elementor-widget elementor-widget-spacer\" data-id=\"7566ff6\" data-element_type=\"widget\" data-widget_type=\"spacer.default\">\n\t\t\t\t\t\t\t<div class=\"elementor-spacer\">\n\t\t\t<div class=\"elementor-spacer-inner\"><\/div>\n\t\t<\/div>\n\t\t\t\t\t\t<\/div>\n\t\t\t\t<\/div>\n\t\t<div class=\"elementor-element elementor-element-58829ce e-con-full e-flex e-con e-child\" data-id=\"58829ce\" data-element_type=\"container\">\n\t\t\t\t<div class=\"elementor-element elementor-element-14dfea6 elementor-widget elementor-widget-heading\" data-id=\"14dfea6\" data-element_type=\"widget\" data-widget_type=\"heading.default\">\n\t\t\t\t\t<h3 class=\"elementor-heading-title elementor-size-default\">4. Datenerfassung auf dieser Website<\/h3>\t\t\t\t<\/div>\n\t\t\t\t<div class=\"elementor-element elementor-element-8901f91 elementor-widget elementor-widget-heading\" data-id=\"8901f91\" data-element_type=\"widget\" data-widget_type=\"heading.default\">\n\t\t\t\t\t<h4 class=\"elementor-heading-title elementor-size-default\">Cookies<\/h4>\t\t\t\t<\/div>\n\t\t\t\t<div class=\"elementor-element elementor-element-ed75247 elementor-widget elementor-widget-text-editor\" data-id=\"ed75247\" data-element_type=\"widget\" data-widget_type=\"text-editor.default\">\n\t\t\t\t\t\t\t\t\t<p>Unsere Internetseiten verwenden so genannte \u201eCookies\u201c. Cookies sind kleine Textdateien und richten auf Ihrem Endger\u00e4t keinen Schaden an. Sie werden entweder vor\u00fcbergehend f\u00fcr die Dauer einer Sitzung (Session-Cookies) oder dauerhaft (permanente Cookies) auf Ihrem Endger\u00e4t gespeichert. Session-Cookies werden nach Ende Ihres Besuchs automatisch gel\u00f6scht. Permanente Cookies bleiben auf Ihrem Endger\u00e4t gespeichert, bis Sie diese selbst l\u00f6schen\u00a0oder eine automatische L\u00f6schung durch Ihren Webbrowser erfolgt.<\/p><p>Teilweise k\u00f6nnen auch Cookies von Drittunternehmen auf Ihrem Endger\u00e4t gespeichert werden, wenn Sie unsere Seite betreten (Third-Party-Cookies). Diese erm\u00f6glichen uns oder Ihnen die Nutzung bestimmter Dienstleistungen des Drittunternehmens (z.B. Cookies zur Abwicklung von Zahlungsdienstleistungen).<\/p><p>Cookies haben verschiedene Funktionen. Zahlreiche Cookies sind technisch notwendig, da bestimmte Webseitenfunktionen ohne diese nicht funktionieren w\u00fcrden (z.B. die Warenkorbfunktion oder die Anzeige von Videos). Andere Cookies dienen dazu, das Nutzerverhalten auszuwerten\u00a0oder Werbung anzuzeigen.<\/p><p>Cookies, die zur Durchf\u00fchrung des elektronischen Kommunikationsvorgangs (notwendige Cookies) oder zur Bereitstellung bestimmter, von Ihnen erw\u00fcnschter Funktionen (funktionale Cookies, z. B. f\u00fcr die Warenkorbfunktion) oder zur Optimierung der Webseite (z.B. Cookies zur Messung des Webpublikums) erforderlich sind, werden auf Grundlage von Art. 6 Abs. 1 lit. f DSGVO gespeichert, sofern keine andere Rechtsgrundlage angegeben wird. Der Websitebetreiber hat ein berechtigtes Interesse an der Speicherung von Cookies zur technisch fehlerfreien und optimierten Bereitstellung seiner Dienste. Sofern eine Einwilligung zur Speicherung von Cookies abgefragt wurde, erfolgt die Speicherung der betreffenden Cookies ausschlie\u00dflich auf Grundlage dieser Einwilligung (Art. 6 Abs. 1 lit. a DSGVO); die Einwilligung ist jederzeit widerrufbar.<\/p><p>Sie k\u00f6nnen Ihren Browser so einstellen, dass Sie \u00fcber das Setzen von Cookies informiert werden und Cookies nur im Einzelfall erlauben, die Annahme von Cookies f\u00fcr bestimmte F\u00e4lle oder generell ausschlie\u00dfen sowie das automatische L\u00f6schen der Cookies beim Schlie\u00dfen des Browsers aktivieren. Bei der Deaktivierung von Cookies kann die Funktionalit\u00e4t dieser Website eingeschr\u00e4nkt sein.<\/p><p>Soweit Cookies von Drittunternehmen oder zu Analysezwecken eingesetzt werden, werden wir Sie hier\u00fcber im Rahmen dieser Datenschutzerkl\u00e4rung gesondert informieren und ggf. eine Einwilligung abfragen.<\/p>\t\t\t\t\t\t\t\t<\/div>\n\t\t\t\t<div class=\"elementor-element elementor-element-bb9e23c elementor-widget elementor-widget-spacer\" data-id=\"bb9e23c\" data-element_type=\"widget\" data-widget_type=\"spacer.default\">\n\t\t\t\t\t\t\t<div class=\"elementor-spacer\">\n\t\t\t<div class=\"elementor-spacer-inner\"><\/div>\n\t\t<\/div>\n\t\t\t\t\t\t<\/div>\n\t\t\t\t<\/div>\n\t\t<div class=\"elementor-element elementor-element-a0b148b e-con-full e-flex e-con e-child\" data-id=\"a0b148b\" data-element_type=\"container\">\n\t\t\t\t<div class=\"elementor-element elementor-element-d3a4966 elementor-widget elementor-widget-heading\" data-id=\"d3a4966\" data-element_type=\"widget\" data-widget_type=\"heading.default\">\n\t\t\t\t\t<h4 class=\"elementor-heading-title elementor-size-default\">Cookie-Einwilligung mit Borlabs Cookie<\/h4>\t\t\t\t<\/div>\n\t\t\t\t<div class=\"elementor-element elementor-element-68b4963 elementor-widget elementor-widget-text-editor\" data-id=\"68b4963\" data-element_type=\"widget\" data-widget_type=\"text-editor.default\">\n\t\t\t\t\t\t\t\t\t<p>Unsere Website nutzt die Cookie-Consent-Technologie von Borlabs Cookie, um Ihre Einwilligung zur Speicherung bestimmter Cookies in Ihrem Browser einzuholen und diese datenschutzkonform zu dokumentieren. Anbieter dieser Technologie ist Borlabs &#8211; Benjamin A. Bornschein, Georg-Wilhelm-Str. 17, 21107 Hamburg (im Folgenden Borlabs).<\/p><p>Wenn Sie unsere Website betreten, wird ein Borlabs-Cookie in Ihrem Browser gespeichert, in dem die von Ihnen erteilten Einwilligungen oder der Widerruf dieser Einwilligungen gespeichert werden. Diese Daten werden nicht an den Anbieter von Borlabs Cookie weitergegeben.<\/p><p>Die erfassten Daten werden gespeichert, bis Sie uns zur L\u00f6schung auffordern bzw. das Borlabs-Cookie selbst l\u00f6schen oder der Zweck f\u00fcr die Datenspeicherung entf\u00e4llt. Zwingende gesetzliche Aufbewahrungsfristen bleiben unber\u00fchrt. Details zur Datenverarbeitung von Borlabs Cookie finden Sie unter <a href=\"https:\/\/de.borlabs.io\/kb\/welche-daten-speichert-borlabs-cookie\/\" target=\"_blank\" rel=\"noopener noreferrer\">https:\/\/de.borlabs.io\/kb\/welche-daten-speichert-borlabs-cookie\/<\/a><\/p><p>Der Einsatz der Borlabs-Cookie-Consent-Technologie erfolgt, um die gesetzlich vorgeschriebenen Einwilligungen f\u00fcr den Einsatz von Cookies einzuholen. Rechtsgrundlage hierf\u00fcr ist Art. 6 Abs. 1 S. 1 lit. c DSGVO.<\/p>\t\t\t\t\t\t\t\t<\/div>\n\t\t\t\t<div class=\"elementor-element elementor-element-2ca3812 elementor-widget elementor-widget-spacer\" data-id=\"2ca3812\" data-element_type=\"widget\" data-widget_type=\"spacer.default\">\n\t\t\t\t\t\t\t<div class=\"elementor-spacer\">\n\t\t\t<div class=\"elementor-spacer-inner\"><\/div>\n\t\t<\/div>\n\t\t\t\t\t\t<\/div>\n\t\t\t\t<\/div>\n\t\t<div class=\"elementor-element elementor-element-7e3ba08 e-con-full e-flex e-con e-child\" data-id=\"7e3ba08\" data-element_type=\"container\">\n\t\t\t\t<div class=\"elementor-element elementor-element-eff4e30 elementor-widget elementor-widget-heading\" data-id=\"eff4e30\" data-element_type=\"widget\" data-widget_type=\"heading.default\">\n\t\t\t\t\t<h4 class=\"elementor-heading-title elementor-size-default\">Server-Log-Dateien<\/h4>\t\t\t\t<\/div>\n\t\t\t\t<div class=\"elementor-element elementor-element-ec9c0af elementor-widget elementor-widget-text-editor\" data-id=\"ec9c0af\" data-element_type=\"widget\" data-widget_type=\"text-editor.default\">\n\t\t\t\t\t\t\t\t\t<p>Der Provider der Seiten erhebt und speichert automatisch Informationen in so genannten Server-Log-Dateien, die Ihr Browser automatisch an uns \u00fcbermittelt. Dies sind:<\/p><ul><li>Browsertyp und Browserversion<\/li><li>verwendetes Betriebssystem<\/li><li>Referrer URL<\/li><li>Hostname des zugreifenden Rechners<\/li><li>Uhrzeit der Serveranfrage<\/li><li>IP-Adresse<\/li><\/ul><p>Eine Zusammenf\u00fchrung dieser Daten mit anderen Datenquellen wird nicht vorgenommen.<\/p><p>Die Erfassung dieser Daten erfolgt auf Grundlage von Art. 6 Abs. 1 lit. f DSGVO. Der Websitebetreiber hat ein berechtigtes Interesse an der technisch fehlerfreien Darstellung und der Optimierung seiner Website \u2013 hierzu m\u00fcssen die Server-Log-Files erfasst werden.<\/p>\t\t\t\t\t\t\t\t<\/div>\n\t\t\t\t<div class=\"elementor-element elementor-element-9cd72f3 elementor-widget elementor-widget-spacer\" data-id=\"9cd72f3\" data-element_type=\"widget\" data-widget_type=\"spacer.default\">\n\t\t\t\t\t\t\t<div class=\"elementor-spacer\">\n\t\t\t<div class=\"elementor-spacer-inner\"><\/div>\n\t\t<\/div>\n\t\t\t\t\t\t<\/div>\n\t\t\t\t<\/div>\n\t\t<div class=\"elementor-element elementor-element-23c1428 e-con-full e-flex e-con e-child\" data-id=\"23c1428\" data-element_type=\"container\">\n\t\t\t\t<div class=\"elementor-element elementor-element-36f365d elementor-widget elementor-widget-heading\" data-id=\"36f365d\" data-element_type=\"widget\" data-widget_type=\"heading.default\">\n\t\t\t\t\t<h4 class=\"elementor-heading-title elementor-size-default\">Kontaktformular<\/h4>\t\t\t\t<\/div>\n\t\t\t\t<div class=\"elementor-element elementor-element-1f4d641 elementor-widget elementor-widget-text-editor\" data-id=\"1f4d641\" data-element_type=\"widget\" data-widget_type=\"text-editor.default\">\n\t\t\t\t\t\t\t\t\t<p>Wenn Sie uns per Kontaktformular Anfragen zukommen lassen, werden Ihre Angaben aus dem Anfrageformular inklusive der von Ihnen dort angegebenen Kontaktdaten zwecks Bearbeitung der Anfrage und f\u00fcr den Fall von Anschlussfragen bei uns gespeichert. Diese Daten geben wir nicht ohne Ihre Einwilligung weiter.<\/p><p>Die Verarbeitung dieser Daten erfolgt auf Grundlage von Art. 6 Abs. 1 lit. b DSGVO, sofern Ihre Anfrage mit der Erf\u00fcllung eines Vertrags zusammenh\u00e4ngt oder zur Durchf\u00fchrung vorvertraglicher Ma\u00dfnahmen erforderlich ist. In allen \u00fcbrigen F\u00e4llen beruht die Verarbeitung auf unserem berechtigten Interesse an der effektiven Bearbeitung der an uns gerichteten Anfragen (Art. 6 Abs. 1 lit. f DSGVO) oder auf Ihrer Einwilligung (Art. 6 Abs. 1 lit. a DSGVO) sofern diese abgefragt wurde.<\/p><p>Die von Ihnen im Kontaktformular eingegebenen Daten verbleiben bei uns, bis Sie uns zur L\u00f6schung auffordern, Ihre Einwilligung zur Speicherung widerrufen oder der Zweck f\u00fcr die Datenspeicherung entf\u00e4llt (z.\u00a0B. nach abgeschlossener Bearbeitung Ihrer Anfrage). Zwingende gesetzliche Bestimmungen \u2013 insbesondere Aufbewahrungsfristen \u2013 bleiben unber\u00fchrt.<\/p>\t\t\t\t\t\t\t\t<\/div>\n\t\t\t\t<div class=\"elementor-element elementor-element-17f8f07 elementor-widget elementor-widget-spacer\" data-id=\"17f8f07\" data-element_type=\"widget\" data-widget_type=\"spacer.default\">\n\t\t\t\t\t\t\t<div class=\"elementor-spacer\">\n\t\t\t<div class=\"elementor-spacer-inner\"><\/div>\n\t\t<\/div>\n\t\t\t\t\t\t<\/div>\n\t\t\t\t<\/div>\n\t\t<div class=\"elementor-element elementor-element-8bb9347 e-con-full e-flex e-con e-child\" data-id=\"8bb9347\" data-element_type=\"container\">\n\t\t\t\t<div class=\"elementor-element elementor-element-a476831 elementor-widget elementor-widget-heading\" data-id=\"a476831\" data-element_type=\"widget\" data-widget_type=\"heading.default\">\n\t\t\t\t\t<h4 class=\"elementor-heading-title elementor-size-default\">Anfrage per E-Mail, Telefon oder Telefax<\/h4>\t\t\t\t<\/div>\n\t\t\t\t<div class=\"elementor-element elementor-element-d0f9a7f elementor-widget elementor-widget-text-editor\" data-id=\"d0f9a7f\" data-element_type=\"widget\" data-widget_type=\"text-editor.default\">\n\t\t\t\t\t\t\t\t\t<p>Wenn Sie uns per E-Mail, Telefon oder Telefax kontaktieren, wird Ihre Anfrage inklusive aller daraus hervorgehenden personenbezogenen Daten (Name, Anfrage) zum Zwecke der Bearbeitung Ihres Anliegens bei uns gespeichert und verarbeitet. Diese Daten geben wir nicht ohne Ihre Einwilligung weiter.<\/p><p>Die Verarbeitung dieser Daten erfolgt auf Grundlage von Art. 6 Abs. 1 lit. b DSGVO, sofern Ihre Anfrage mit der Erf\u00fcllung eines Vertrags zusammenh\u00e4ngt oder zur Durchf\u00fchrung vorvertraglicher Ma\u00dfnahmen erforderlich ist. In allen \u00fcbrigen F\u00e4llen beruht die Verarbeitung auf unserem berechtigten Interesse an der effektiven Bearbeitung der an uns gerichteten Anfragen (Art. 6 Abs. 1 lit. f DSGVO) oder auf Ihrer Einwilligung (Art. 6 Abs. 1 lit. a DSGVO) sofern diese abgefragt wurde.<\/p><p>\u00a0<\/p><p>Die von Ihnen an uns per Kontaktanfragen \u00fcbersandten Daten verbleiben bei uns, bis Sie uns zur L\u00f6schung auffordern, Ihre Einwilligung zur Speicherung widerrufen oder der Zweck f\u00fcr die Datenspeicherung entf\u00e4llt (z.\u00a0B. nach abgeschlossener Bearbeitung Ihres Anliegens). Zwingende gesetzliche Bestimmungen \u2013 insbesondere gesetzliche Aufbewahrungsfristen \u2013 bleiben unber\u00fchrt.<\/p>\t\t\t\t\t\t\t\t<\/div>\n\t\t\t\t<div class=\"elementor-element elementor-element-45df046 elementor-widget elementor-widget-spacer\" data-id=\"45df046\" data-element_type=\"widget\" data-widget_type=\"spacer.default\">\n\t\t\t\t\t\t\t<div class=\"elementor-spacer\">\n\t\t\t<div class=\"elementor-spacer-inner\"><\/div>\n\t\t<\/div>\n\t\t\t\t\t\t<\/div>\n\t\t\t\t<\/div>\n\t\t<div class=\"elementor-element elementor-element-e9acaff e-con-full e-flex e-con e-child\" data-id=\"e9acaff\" data-element_type=\"container\">\n\t\t\t\t<div class=\"elementor-element elementor-element-e1fbf61 elementor-widget elementor-widget-heading\" data-id=\"e1fbf61\" data-element_type=\"widget\" data-widget_type=\"heading.default\">\n\t\t\t\t\t<h3 class=\"elementor-heading-title elementor-size-default\">5. Plugins und Tools<\/h3>\t\t\t\t<\/div>\n\t\t\t\t<div class=\"elementor-element elementor-element-e0d2ceb elementor-widget elementor-widget-heading\" data-id=\"e0d2ceb\" data-element_type=\"widget\" data-widget_type=\"heading.default\">\n\t\t\t\t\t<h4 class=\"elementor-heading-title elementor-size-default\">YouTube mit erweitertem Datenschutz<\/h4>\t\t\t\t<\/div>\n\t\t\t\t<div class=\"elementor-element elementor-element-c636539 elementor-widget elementor-widget-text-editor\" data-id=\"c636539\" data-element_type=\"widget\" data-widget_type=\"text-editor.default\">\n\t\t\t\t\t\t\t\t\t<p>Diese Website bindet Videos der YouTube ein. Betreiber der Seiten ist die Google Ireland Limited (\u201eGoogle\u201c), Gordon House, Barrow Street, Dublin 4, Irland.<\/p><p>Wir nutzen YouTube im erweiterten Datenschutzmodus. Dieser Modus bewirkt laut YouTube, dass YouTube keine Informationen \u00fcber die Besucher auf dieser Website speichert, bevor diese sich das Video ansehen. Die Weitergabe von Daten an YouTube-Partner wird durch den erweiterten Datenschutzmodus hingegen nicht zwingend ausgeschlossen. So stellt YouTube \u2013 unabh\u00e4ngig davon, ob Sie sich ein Video ansehen \u2013 eine Verbindung zum Google DoubleClick-Netzwerk her.<\/p><p>Sobald Sie ein YouTube-Video auf dieser Website starten, wird eine Verbindung zu den Servern von YouTube hergestellt. Dabei wird dem YouTube-Server mitgeteilt, welche unserer Seiten Sie besucht haben. Wenn Sie in Ihrem YouTube-Account eingeloggt sind, erm\u00f6glichen Sie YouTube, Ihr Surfverhalten direkt Ihrem pers\u00f6nlichen Profil zuzuordnen. Dies k\u00f6nnen Sie verhindern, indem Sie sich aus Ihrem YouTube-Account ausloggen.<\/p><p>Des Weiteren kann YouTube nach Starten eines Videos verschiedene Cookies auf Ihrem Endger\u00e4t speichern. Mit Hilfe dieser Cookies kann YouTube Informationen \u00fcber Besucher dieser Website erhalten. Diese Informationen werden u. a. verwendet, um Videostatistiken zu erfassen, die Anwenderfreundlichkeit zu verbessern und Betrugsversuchen vorzubeugen. Die Cookies verbleiben auf Ihrem Endger\u00e4t, bis Sie sie l\u00f6schen.<\/p><p>Gegebenenfalls k\u00f6nnen nach dem Start eines YouTube-Videos weitere Datenverarbeitungsvorg\u00e4nge ausgel\u00f6st werden, auf die wir keinen Einfluss haben.<\/p><p>Die Nutzung von YouTube erfolgt im Interesse einer ansprechenden Darstellung unserer Online-Angebote. Dies stellt ein berechtigtes Interesse im Sinne von Art. 6 Abs. 1 lit. f DSGVO dar. Sofern eine entsprechende Einwilligung abgefragt wurde, erfolgt die Verarbeitung ausschlie\u00dflich auf Grundlage von Art. 6 Abs. 1 lit. a DSGVO; die Einwilligung ist jederzeit widerrufbar.<\/p><p>Weitere Informationen \u00fcber Datenschutz bei YouTube finden Sie in deren Datenschutzerkl\u00e4rung unter: <a href=\"https:\/\/policies.google.com\/privacy?hl=de\" target=\"_blank\" rel=\"noopener noreferrer\">https:\/\/policies.google.com\/privacy?hl=de<\/a>.<\/p>\t\t\t\t\t\t\t\t<\/div>\n\t\t\t\t<div class=\"elementor-element elementor-element-e3ec878 elementor-widget elementor-widget-spacer\" data-id=\"e3ec878\" data-element_type=\"widget\" data-widget_type=\"spacer.default\">\n\t\t\t\t\t\t\t<div class=\"elementor-spacer\">\n\t\t\t<div class=\"elementor-spacer-inner\"><\/div>\n\t\t<\/div>\n\t\t\t\t\t\t<\/div>\n\t\t\t\t<\/div>\n\t\t<div class=\"elementor-element elementor-element-396eaef e-con-full e-flex e-con e-child\" data-id=\"396eaef\" data-element_type=\"container\">\n\t\t\t\t<div class=\"elementor-element elementor-element-5cc9a50 elementor-widget elementor-widget-heading\" data-id=\"5cc9a50\" data-element_type=\"widget\" data-widget_type=\"heading.default\">\n\t\t\t\t\t<h4 class=\"elementor-heading-title elementor-size-default\">Google Web Fonts<\/h4>\t\t\t\t<\/div>\n\t\t\t\t<div class=\"elementor-element elementor-element-412e3df elementor-widget elementor-widget-text-editor\" data-id=\"412e3df\" data-element_type=\"widget\" data-widget_type=\"text-editor.default\">\n\t\t\t\t\t\t\t\t\t<p>Diese Seite nutzt zur einheitlichen Darstellung von Schriftarten so genannte Web Fonts, die von Google bereitgestellt werden. Die Google Fonts sind lokal installiert. Eine Verbindung zu Servern von Google findet dabei nicht statt.<\/p><p>Weitere Informationen zu Google Web Fonts finden Sie unter <a href=\"https:\/\/developers.google.com\/fonts\/faq\" target=\"_blank\" rel=\"noopener noreferrer\">https:\/\/developers.google.com\/fonts\/faq<\/a> und in der Datenschutzerkl\u00e4rung von Google: <a href=\"https:\/\/policies.google.com\/privacy?hl=de\" target=\"_blank\" rel=\"noopener noreferrer\">https:\/\/policies.google.com\/privacy?hl=de<\/a>.<\/p>\t\t\t\t\t\t\t\t<\/div>\n\t\t\t\t<div class=\"elementor-element elementor-element-53c9349 elementor-widget elementor-widget-spacer\" data-id=\"53c9349\" data-element_type=\"widget\" data-widget_type=\"spacer.default\">\n\t\t\t\t\t\t\t<div class=\"elementor-spacer\">\n\t\t\t<div class=\"elementor-spacer-inner\"><\/div>\n\t\t<\/div>\n\t\t\t\t\t\t<\/div>\n\t\t\t\t<\/div>\n\t\t<div class=\"elementor-element elementor-element-9fc42ff e-con-full e-flex e-con e-child\" data-id=\"9fc42ff\" data-element_type=\"container\">\n\t\t\t\t<div class=\"elementor-element elementor-element-ba1cceb elementor-widget elementor-widget-heading\" data-id=\"ba1cceb\" data-element_type=\"widget\" data-widget_type=\"heading.default\">\n\t\t\t\t\t<h3 class=\"elementor-heading-title elementor-size-default\">Unsere Social\u2013Media\u2013Auftritte<\/h3>\t\t\t\t<\/div>\n\t\t\t\t<div class=\"elementor-element elementor-element-1daf387 elementor-widget elementor-widget-heading\" data-id=\"1daf387\" data-element_type=\"widget\" data-widget_type=\"heading.default\">\n\t\t\t\t\t<h4 class=\"elementor-heading-title elementor-size-default\">Datenverarbeitung durch soziale Netzwerke<\/h4>\t\t\t\t<\/div>\n\t\t\t\t<div class=\"elementor-element elementor-element-ccc8989 elementor-widget elementor-widget-text-editor\" data-id=\"ccc8989\" data-element_type=\"widget\" data-widget_type=\"text-editor.default\">\n\t\t\t\t\t\t\t\t\t<p>Wir unterhalten \u00f6ffentlich zug\u00e4ngliche Profile in sozialen Netzwerken. Die im Einzelnen von uns genutzten sozialen Netzwerke finden Sie weiter unten.<\/p><p>Soziale Netzwerke wie Facebook, Twitter etc. k\u00f6nnen Ihr Nutzerverhalten in der Regel umfassend analysieren, wenn Sie deren Webseite oder eine Webseite mit integrierten Social-Media-Inhalten (z.\u00a0B. Like-Buttons oder Werbebannern) besuchen. Durch den Besuch unserer Social-Media-Pr\u00e4senzen werden zahlreiche datenschutzrelevante Verarbeitungsvorg\u00e4nge ausgel\u00f6st. Im Einzelnen:<\/p><p>Wenn Sie in Ihrem Social-Media-Account eingeloggt sind und unsere Social-Media-Pr\u00e4senz besuchen, kann der Betreiber des Social-Media-Portals diesen Besuch Ihrem Benutzerkonto zuordnen. Ihre personenbezogenen Daten k\u00f6nnen unter Umst\u00e4nden aber auch dann erfasst werden, wenn Sie nicht eingeloggt sind oder keinen Account beim jeweiligen Social-Media-Portal besitzen. Diese Datenerfassung erfolgt in diesem Fall beispielsweise \u00fcber Cookies, die auf Ihrem Endger\u00e4t gespeichert werden oder durch Erfassung Ihrer IP-Adresse.<\/p><p>Mit Hilfe der so erfassten Daten k\u00f6nnen die Betreiber der Social-Media-Portale Nutzerprofile erstellen, in denen Ihre Pr\u00e4ferenzen und Interessen hinterlegt sind. Auf diese Weise kann Ihnen interessenbezogene Werbung in- und au\u00dferhalb der jeweiligen Social-Media-Pr\u00e4senz angezeigt werden. Sofern Sie \u00fcber einen Account beim jeweiligen sozialen Netzwerk verf\u00fcgen, kann die interessenbezogene Werbung auf allen Ger\u00e4ten angezeigt werden, auf denen Sie eingeloggt sind oder eingeloggt waren.<\/p><p>Bitte beachten Sie au\u00dferdem, dass wir nicht alle Verarbeitungsprozesse auf den Social-Media-Portalen nachvollziehen k\u00f6nnen. Je nach Anbieter k\u00f6nnen daher ggf. weitere Verarbeitungsvorg\u00e4nge von den Betreibern der Social-Media-Portale durchgef\u00fchrt werden. Details hierzu entnehmen Sie den Nutzungsbedingungen und Datenschutzbestimmungen der jeweiligen Social-Media-Portale.<\/p><p><strong>Rechtsgrundlage<\/strong><\/p><p>Unsere Social-Media-Auftritte sollen eine m\u00f6glichst umfassende Pr\u00e4senz im Internet gew\u00e4hrleisten. Hierbei handelt es sich um ein berechtigtes Interesse im Sinne von Art. 6 Abs. 1 lit. f DSGVO. Die von den sozialen Netzwerken initiierten Analyseprozesse beruhen ggf. auf abweichenden Rechtsgrundlagen, die von den Betreibern der sozialen Netzwerke anzugeben sind (z.\u00a0B. Einwilligung im Sinne des Art. 6 Abs. 1 lit. a DSGVO).<\/p><p><strong>Verantwortlicher und Geltendmachung von Rechten<\/strong><\/p><p>Wenn Sie einen unserer Social-Media-Auftritte (z.\u00a0B. Facebook) besuchen, sind wir gemeinsam mit dem Betreiber der Social-Media-Plattform f\u00fcr die bei diesem Besuch ausgel\u00f6sten Datenverarbeitungsvorg\u00e4nge verantwortlich. Sie k\u00f6nnen Ihre Rechte (Auskunft, Berichtigung, L\u00f6schung, Einschr\u00e4nkung der Verarbeitung, Daten\u00fcbertragbarkeit und Beschwerde) grunds\u00e4tzlich sowohl gg\u00fc. uns als auch gg\u00fc. dem Betreiber des jeweiligen Social-Media-Portals (z.\u00a0B. gg\u00fc. Facebook) geltend machen.<\/p><p>Bitte beachten Sie, dass wir trotz der gemeinsamen Verantwortlichkeit mit den Social-Media-Portal-Betreibern nicht vollumf\u00e4nglich Einfluss auf die Datenverarbeitungsvorg\u00e4nge der Social-Media-Portale haben. Unsere M\u00f6glichkeiten richten sich ma\u00dfgeblich nach der Unternehmenspolitik des jeweiligen Anbieters.<\/p><p><strong>Speicherdauer<\/strong><\/p><p>Die unmittelbar von uns \u00fcber die Social-Media-Pr\u00e4senz erfassten Daten werden von unseren Systemen gel\u00f6scht, sobald der Zweck f\u00fcr ihre Speicherung entf\u00e4llt, Sie uns zur L\u00f6schung auffordern, Ihre Einwilligung zur Speicherung widerrufen oder der Zweck f\u00fcr die Datenspeicherung entf\u00e4llt. Gespeicherte Cookies verbleiben auf Ihrem Endger\u00e4t, bis Sie sie l\u00f6schen. Zwingende gesetzliche Bestimmungen \u2013 insb. Aufbewahrungsfristen \u2013 bleiben unber\u00fchrt.<\/p><p>\u00a0<\/p><p>Auf die Speicherdauer Ihrer Daten, die von den Betreibern der sozialen Netzwerke zu eigenen Zwecken gespeichert werden, haben wir keinen Einfluss. F\u00fcr Einzelheiten dazu informieren Sie sich bitte direkt bei den Betreibern der sozialen Netzwerke (z.\u00a0B. in deren Datenschutzerkl\u00e4rung, siehe unten).<\/p>\t\t\t\t\t\t\t\t<\/div>\n\t\t\t\t<div class=\"elementor-element elementor-element-94975c8 elementor-widget elementor-widget-spacer\" data-id=\"94975c8\" data-element_type=\"widget\" data-widget_type=\"spacer.default\">\n\t\t\t\t\t\t\t<div class=\"elementor-spacer\">\n\t\t\t<div class=\"elementor-spacer-inner\"><\/div>\n\t\t<\/div>\n\t\t\t\t\t\t<\/div>\n\t\t\t\t<\/div>\n\t\t<div class=\"elementor-element elementor-element-9d6163f e-con-full e-flex e-con e-child\" data-id=\"9d6163f\" data-element_type=\"container\">\n\t\t\t\t<div class=\"elementor-element elementor-element-338fdf3 elementor-widget elementor-widget-heading\" data-id=\"338fdf3\" data-element_type=\"widget\" data-widget_type=\"heading.default\">\n\t\t\t\t\t<h4 class=\"elementor-heading-title elementor-size-default\">Soziale Netzwerke im Einzelnen<\/h4>\t\t\t\t<\/div>\n\t\t\t\t<div class=\"elementor-element elementor-element-8560ea5 elementor-widget elementor-widget-text-editor\" data-id=\"8560ea5\" data-element_type=\"widget\" data-widget_type=\"text-editor.default\">\n\t\t\t\t\t\t\t\t\t<p><strong>Facebook<\/strong><\/p><p>Wir verf\u00fcgen \u00fcber ein Profil bei Facebook. Anbieter dieses Dienstes ist die Facebook Ireland Limited, 4 Grand Canal Square, Dublin 2, Irland. Die erfassten Daten werden nach Aussage von Facebook auch in die USA und in andere Drittl\u00e4nder \u00fcbertragen.<\/p><p>Wir haben mit Facebook eine Vereinbarung \u00fcber gemeinsame Verarbeitung (Controller Addendum) geschlossen. In dieser Vereinbarung wird festgelegt, f\u00fcr welche Datenverarbeitungsvorg\u00e4nge wir bzw. Facebook verantwortlich ist, wenn Sie unsere Facebook-Page besuchen. Diese Vereinbarung k\u00f6nnen Sie unter folgendem Link einsehen: <a href=\"https:\/\/www.facebook.com\/legal\/terms\/page_controller_addendum\" target=\"_blank\" rel=\"noopener noreferrer\">https:\/\/www.facebook.com\/legal\/terms\/page_controller_addendum<\/a>.<\/p><p><strong>Sie k\u00f6nnen Ihre Werbeeinstellungen selbstst\u00e4ndig in Ihrem Nutzer-Account anpassen. Klicken Sie hierzu auf folgenden Link und loggen Sie sich ein:<\/strong> <a href=\"https:\/\/www.facebook.com\/settings?tab=ads\" target=\"_blank\" rel=\"noopener noreferrer\">https:\/\/www.facebook.com\/settings?tab=ads<\/a>.<\/p><p>Details entnehmen Sie der Datenschutzerkl\u00e4rung von Facebook: <a href=\"https:\/\/www.facebook.com\/about\/privacy\/\" target=\"_blank\" rel=\"noopener noreferrer\">https:\/\/www.facebook.com\/about\/privacy\/<\/a>.<\/p><p><strong>Instagram<\/strong><\/p><p>Wir verf\u00fcgen \u00fcber ein Profil bei Instagram. Anbieter ist die Instagram Inc., 1601 Willow Road, Menlo Park, CA, 94025, USA. Details zu deren Umgang mit Ihren personenbezogenen Daten entnehmen Sie der Datenschutzerkl\u00e4rung von Instagram: <a href=\"https:\/\/help.instagram.com\/519522125107875\" target=\"_blank\" rel=\"noopener noreferrer\">https:\/\/help.instagram.com\/519522125107875<\/a>.<\/p>\t\t\t\t\t\t\t\t<\/div>\n\t\t\t\t<div class=\"elementor-element elementor-element-d823dcd elementor-widget elementor-widget-spacer\" data-id=\"d823dcd\" data-element_type=\"widget\" data-widget_type=\"spacer.default\">\n\t\t\t\t\t\t\t<div class=\"elementor-spacer\">\n\t\t\t<div class=\"elementor-spacer-inner\"><\/div>\n\t\t<\/div>\n\t\t\t\t\t\t<\/div>\n\t\t\t\t<\/div>\n\t\t\t\t\t<\/div>\n\t\t\t\t<\/div>\n\t\t\t\t<\/div>\n\t\t","protected":false},"excerpt":{"rendered":"<p>Datenschutzerkl\u00e4rung 1. Datenschutz auf einen Blick Allgemeine Hinweise Die folgenden Hinweise geben einen einfachen \u00dcberblick dar\u00fcber, was mit Ihren personenbezogenen Daten passiert, wenn Sie diese Website besuchen. Personenbezogene Daten sind alle Daten, mit denen Sie pers\u00f6nlich identifiziert werden k\u00f6nnen. Ausf\u00fchrliche Informationen zum Thema Datenschutz entnehmen Sie unserer unter diesem Text aufgef\u00fchrten Datenschutzerkl\u00e4rung. Datenerfassung auf dieser [&hellip;]<\/p>\n","protected":false},"author":1,"featured_media":0,"parent":0,"menu_order":0,"comment_status":"closed","ping_status":"closed","template":"","meta":{"footnotes":""},"class_list":["post-4031","page","type-page","status-publish","hentry"],"yoast_head":"<!-- This site is optimized with the Yoast SEO plugin v24.8.1 - https:\/\/yoast.com\/wordpress\/plugins\/seo\/ -->\n<title>Datenschutz - VSS Werbefilme | Professionelle Filmproduktion &amp; Werbefilme im Nordwesten<\/title>\n<meta name=\"robots\" content=\"index, follow, max-snippet:-1, max-image-preview:large, max-video-preview:-1\" \/>\n<link rel=\"canonical\" href=\"https:\/\/vss-werbefilme.de\/?page_id=4031\" \/>\n<meta property=\"og:locale\" content=\"de_DE\" \/>\n<meta property=\"og:type\" content=\"article\" \/>\n<meta property=\"og:title\" content=\"Datenschutz - VSS Werbefilme | Professionelle Filmproduktion &amp; Werbefilme im Nordwesten\" \/>\n<meta property=\"og:description\" content=\"Datenschutzerkl\u00e4rung 1. Datenschutz auf einen Blick Allgemeine Hinweise Die folgenden Hinweise geben einen einfachen \u00dcberblick dar\u00fcber, was mit Ihren personenbezogenen Daten passiert, wenn Sie diese Website besuchen. Personenbezogene Daten sind alle Daten, mit denen Sie pers\u00f6nlich identifiziert werden k\u00f6nnen. Ausf\u00fchrliche Informationen zum Thema Datenschutz entnehmen Sie unserer unter diesem Text aufgef\u00fchrten Datenschutzerkl\u00e4rung. Datenerfassung auf dieser [&hellip;]\" \/>\n<meta property=\"og:url\" content=\"https:\/\/vss-werbefilme.de\/?page_id=4031\" \/>\n<meta property=\"og:site_name\" content=\"VSS Werbefilme | Professionelle Filmproduktion &amp; Werbefilme im Nordwesten\" \/>\n<meta property=\"article:modified_time\" content=\"2025-03-06T08:14:44+00:00\" \/>\n<meta name=\"twitter:card\" content=\"summary_large_image\" \/>\n<meta name=\"twitter:label1\" content=\"Gesch\u00e4tzte Lesezeit\" \/>\n\t<meta name=\"twitter:data1\" content=\"17\u00a0Minuten\" \/>\n<script type=\"application\/ld+json\" class=\"yoast-schema-graph\">{\"@context\":\"https:\/\/schema.org\",\"@graph\":[{\"@type\":\"WebPage\",\"@id\":\"https:\/\/vss-werbefilme.de\/?page_id=4031\",\"url\":\"https:\/\/vss-werbefilme.de\/?page_id=4031\",\"name\":\"Datenschutz - VSS Werbefilme | Professionelle Filmproduktion &amp; Werbefilme im Nordwesten\",\"isPartOf\":{\"@id\":\"https:\/\/vss-werbefilme.de\/#website\"},\"datePublished\":\"2025-02-27T14:37:48+00:00\",\"dateModified\":\"2025-03-06T08:14:44+00:00\",\"breadcrumb\":{\"@id\":\"https:\/\/vss-werbefilme.de\/?page_id=4031#breadcrumb\"},\"inLanguage\":\"de\",\"potentialAction\":[{\"@type\":\"ReadAction\",\"target\":[\"https:\/\/vss-werbefilme.de\/?page_id=4031\"]}]},{\"@type\":\"BreadcrumbList\",\"@id\":\"https:\/\/vss-werbefilme.de\/?page_id=4031#breadcrumb\",\"itemListElement\":[{\"@type\":\"ListItem\",\"position\":1,\"name\":\"Startseite\",\"item\":\"https:\/\/vss-werbefilme.de\/\"},{\"@type\":\"ListItem\",\"position\":2,\"name\":\"Datenschutz\"}]},{\"@type\":\"WebSite\",\"@id\":\"https:\/\/vss-werbefilme.de\/#website\",\"url\":\"https:\/\/vss-werbefilme.de\/\",\"name\":\"VSS Werbefilme | Professionelle Filmproduktion & Werbefilme im Nordwesten\",\"description\":\"Hochwertige Filmproduktion: Imagefilme, Werbefilme &amp; Social-Media-Videos f\u00fcr Unternehmen in Niedersachsen &amp; NRW.\",\"publisher\":{\"@id\":\"https:\/\/vss-werbefilme.de\/#organization\"},\"potentialAction\":[{\"@type\":\"SearchAction\",\"target\":{\"@type\":\"EntryPoint\",\"urlTemplate\":\"https:\/\/vss-werbefilme.de\/?s={search_term_string}\"},\"query-input\":{\"@type\":\"PropertyValueSpecification\",\"valueRequired\":true,\"valueName\":\"search_term_string\"}}],\"inLanguage\":\"de\"},{\"@type\":\"Organization\",\"@id\":\"https:\/\/vss-werbefilme.de\/#organization\",\"name\":\"VSS Werbefilme | Professionelle Filmproduktion & Werbefilme im Nordwesten\",\"url\":\"https:\/\/vss-werbefilme.de\/\",\"logo\":{\"@type\":\"ImageObject\",\"inLanguage\":\"de\",\"@id\":\"https:\/\/vss-werbefilme.de\/#\/schema\/logo\/image\/\",\"url\":\"https:\/\/vss-werbefilme.de\/wp-content\/uploads\/revslider\/youtube-hero-2\/VSS-Showreel-Logo-Thumbnail-2024.png\",\"contentUrl\":\"https:\/\/vss-werbefilme.de\/wp-content\/uploads\/revslider\/youtube-hero-2\/VSS-Showreel-Logo-Thumbnail-2024.png\",\"width\":3840,\"height\":2160,\"caption\":\"VSS Werbefilme | Professionelle Filmproduktion & Werbefilme im Nordwesten\"},\"image\":{\"@id\":\"https:\/\/vss-werbefilme.de\/#\/schema\/logo\/image\/\"}}]}<\/script>\n<!-- \/ Yoast SEO plugin. -->","yoast_head_json":{"title":"Datenschutz - VSS Werbefilme | Professionelle Filmproduktion &amp; Werbefilme im Nordwesten","robots":{"index":"index","follow":"follow","max-snippet":"max-snippet:-1","max-image-preview":"max-image-preview:large","max-video-preview":"max-video-preview:-1"},"canonical":"https:\/\/vss-werbefilme.de\/?page_id=4031","og_locale":"de_DE","og_type":"article","og_title":"Datenschutz - VSS Werbefilme | Professionelle Filmproduktion &amp; Werbefilme im Nordwesten","og_description":"Datenschutzerkl\u00e4rung 1. Datenschutz auf einen Blick Allgemeine Hinweise Die folgenden Hinweise geben einen einfachen \u00dcberblick dar\u00fcber, was mit Ihren personenbezogenen Daten passiert, wenn Sie diese Website besuchen. Personenbezogene Daten sind alle Daten, mit denen Sie pers\u00f6nlich identifiziert werden k\u00f6nnen. Ausf\u00fchrliche Informationen zum Thema Datenschutz entnehmen Sie unserer unter diesem Text aufgef\u00fchrten Datenschutzerkl\u00e4rung. Datenerfassung auf dieser [&hellip;]","og_url":"https:\/\/vss-werbefilme.de\/?page_id=4031","og_site_name":"VSS Werbefilme | Professionelle Filmproduktion &amp; Werbefilme im Nordwesten","article_modified_time":"2025-03-06T08:14:44+00:00","twitter_card":"summary_large_image","twitter_misc":{"Gesch\u00e4tzte Lesezeit":"17\u00a0Minuten"},"schema":{"@context":"https:\/\/schema.org","@graph":[{"@type":"WebPage","@id":"https:\/\/vss-werbefilme.de\/?page_id=4031","url":"https:\/\/vss-werbefilme.de\/?page_id=4031","name":"Datenschutz - VSS Werbefilme | Professionelle Filmproduktion &amp; Werbefilme im Nordwesten","isPartOf":{"@id":"https:\/\/vss-werbefilme.de\/#website"},"datePublished":"2025-02-27T14:37:48+00:00","dateModified":"2025-03-06T08:14:44+00:00","breadcrumb":{"@id":"https:\/\/vss-werbefilme.de\/?page_id=4031#breadcrumb"},"inLanguage":"de","potentialAction":[{"@type":"ReadAction","target":["https:\/\/vss-werbefilme.de\/?page_id=4031"]}]},{"@type":"BreadcrumbList","@id":"https:\/\/vss-werbefilme.de\/?page_id=4031#breadcrumb","itemListElement":[{"@type":"ListItem","position":1,"name":"Startseite","item":"https:\/\/vss-werbefilme.de\/"},{"@type":"ListItem","position":2,"name":"Datenschutz"}]},{"@type":"WebSite","@id":"https:\/\/vss-werbefilme.de\/#website","url":"https:\/\/vss-werbefilme.de\/","name":"VSS Werbefilme | Professionelle Filmproduktion & Werbefilme im Nordwesten","description":"Hochwertige Filmproduktion: Imagefilme, Werbefilme &amp; Social-Media-Videos f\u00fcr Unternehmen in Niedersachsen &amp; NRW.","publisher":{"@id":"https:\/\/vss-werbefilme.de\/#organization"},"potentialAction":[{"@type":"SearchAction","target":{"@type":"EntryPoint","urlTemplate":"https:\/\/vss-werbefilme.de\/?s={search_term_string}"},"query-input":{"@type":"PropertyValueSpecification","valueRequired":true,"valueName":"search_term_string"}}],"inLanguage":"de"},{"@type":"Organization","@id":"https:\/\/vss-werbefilme.de\/#organization","name":"VSS Werbefilme | Professionelle Filmproduktion & Werbefilme im Nordwesten","url":"https:\/\/vss-werbefilme.de\/","logo":{"@type":"ImageObject","inLanguage":"de","@id":"https:\/\/vss-werbefilme.de\/#\/schema\/logo\/image\/","url":"https:\/\/vss-werbefilme.de\/wp-content\/uploads\/revslider\/youtube-hero-2\/VSS-Showreel-Logo-Thumbnail-2024.png","contentUrl":"https:\/\/vss-werbefilme.de\/wp-content\/uploads\/revslider\/youtube-hero-2\/VSS-Showreel-Logo-Thumbnail-2024.png","width":3840,"height":2160,"caption":"VSS Werbefilme | Professionelle Filmproduktion & Werbefilme im Nordwesten"},"image":{"@id":"https:\/\/vss-werbefilme.de\/#\/schema\/logo\/image\/"}}]}},"_links":{"self":[{"href":"https:\/\/vss-werbefilme.de\/index.php?rest_route=\/wp\/v2\/pages\/4031","targetHints":{"allow":["GET"]}}],"collection":[{"href":"https:\/\/vss-werbefilme.de\/index.php?rest_route=\/wp\/v2\/pages"}],"about":[{"href":"https:\/\/vss-werbefilme.de\/index.php?rest_route=\/wp\/v2\/types\/page"}],"author":[{"embeddable":true,"href":"https:\/\/vss-werbefilme.de\/index.php?rest_route=\/wp\/v2\/users\/1"}],"replies":[{"embeddable":true,"href":"https:\/\/vss-werbefilme.de\/index.php?rest_route=%2Fwp%2Fv2%2Fcomments&post=4031"}],"version-history":[{"count":0,"href":"https:\/\/vss-werbefilme.de\/index.php?rest_route=\/wp\/v2\/pages\/4031\/revisions"}],"wp:attachment":[{"href":"https:\/\/vss-werbefilme.de\/index.php?rest_route=%2Fwp%2Fv2%2Fmedia&parent=4031"}],"curies":[{"name":"wp","href":"https:\/\/api.w.org\/{rel}","templated":true}]}}